{"id":736,"date":"2025-02-12T06:11:45","date_gmt":"2025-02-12T06:11:45","guid":{"rendered":"https:\/\/institutogrupofuturo.ong.br\/?page_id=736"},"modified":"2025-02-12T06:59:12","modified_gmt":"2025-02-12T06:59:12","slug":"nossas-certificacoes","status":"publish","type":"page","link":"https:\/\/institutogrupofuturo.ong.br\/index.php\/nossas-certificacoes\/","title":{"rendered":"Nossas Certifica\u00e7\u00f5es"},"content":{"rendered":"\t\t<div data-elementor-type=\"wp-page\" data-elementor-id=\"736\" class=\"elementor elementor-736\">\n\t\t\t\t\t\t<section class=\"elementor-section elementor-top-section elementor-element elementor-element-d471eaa elementor-section-boxed elementor-section-height-default elementor-section-height-default\" data-id=\"d471eaa\" data-element_type=\"section\">\n\t\t\t\t\t\t<div class=\"elementor-container elementor-column-gap-default\">\n\t\t\t\t\t<div class=\"elementor-column elementor-col-100 elementor-top-column elementor-element elementor-element-a222c4e\" data-id=\"a222c4e\" data-element_type=\"column\">\n\t\t\t<div class=\"elementor-widget-wrap elementor-element-populated\">\n\t\t\t\t\t\t<div class=\"elementor-element elementor-element-0164531 elementor-widget elementor-widget-heading\" data-id=\"0164531\" data-element_type=\"widget\" data-widget_type=\"heading.default\">\n\t\t\t\t<div class=\"elementor-widget-container\">\n\t\t\t<h2 class=\"elementor-heading-title elementor-size-default\">Nossas Certifica\u00e7\u00f5es<\/h2>\t\t<\/div>\n\t\t\t\t<\/div>\n\t\t\t\t<div class=\"elementor-element elementor-element-f6bd508 elementor-widget elementor-widget-text-editor\" data-id=\"f6bd508\" data-element_type=\"widget\" data-widget_type=\"text-editor.default\">\n\t\t\t\t<div class=\"elementor-widget-container\">\n\t\t\t\t\t\t\t<p data-start=\"94\" data-end=\"413\">O <strong data-start=\"96\" data-end=\"122\">Instituto Grupo Futuro<\/strong> se orgulha de suas <strong data-start=\"142\" data-end=\"159\">certifica\u00e7\u00f5es<\/strong> que refletem o nosso compromisso com a <strong data-start=\"199\" data-end=\"212\">qualidade<\/strong>, <strong data-start=\"214\" data-end=\"241\">responsabilidade social<\/strong> e <strong data-start=\"244\" data-end=\"264\">sustentabilidade<\/strong>. Essas certifica\u00e7\u00f5es s\u00e3o frutos de um trabalho constante em busca de <strong data-start=\"334\" data-end=\"355\">melhoria cont\u00ednua<\/strong> e de impacto positivo nas comunidades e no meio ambiente.<\/p><p data-start=\"415\" data-end=\"479\">Entre as principais certifica\u00e7\u00f5es que conquistamos, destacam-se:<\/p>\t\t\t\t\t\t<\/div>\n\t\t\t\t<\/div>\n\t\t\t\t\t<\/div>\n\t\t<\/div>\n\t\t\t\t\t<\/div>\n\t\t<\/section>\n\t\t\t\t<section class=\"elementor-section elementor-top-section elementor-element elementor-element-8320c01 elementor-section-boxed elementor-section-height-default elementor-section-height-default\" data-id=\"8320c01\" data-element_type=\"section\">\n\t\t\t\t\t\t<div class=\"elementor-container elementor-column-gap-default\">\n\t\t\t\t\t<div class=\"elementor-column elementor-col-100 elementor-top-column elementor-element elementor-element-a267bfa\" data-id=\"a267bfa\" data-element_type=\"column\">\n\t\t\t<div class=\"elementor-widget-wrap elementor-element-populated\">\n\t\t\t\t\t\t<div class=\"elementor-element elementor-element-12046ce elementor-widget elementor-widget-toggle\" data-id=\"12046ce\" data-element_type=\"widget\" data-widget_type=\"toggle.default\">\n\t\t\t\t<div class=\"elementor-widget-container\">\n\t\t\t\t\t<div class=\"elementor-toggle\">\n\t\t\t\t\t\t\t<div class=\"elementor-toggle-item\">\n\t\t\t\t\t<div id=\"elementor-tab-title-1881\" class=\"elementor-tab-title\" data-tab=\"1\" role=\"button\" aria-controls=\"elementor-tab-content-1881\" aria-expanded=\"false\">\n\t\t\t\t\t\t\t\t\t\t\t\t<span class=\"elementor-toggle-icon elementor-toggle-icon-left\" aria-hidden=\"true\">\n\t\t\t\t\t\t\t\t\t\t\t\t\t\t\t<span class=\"elementor-toggle-icon-closed\"><i class=\"fas fa-download\"><\/i><\/span>\n\t\t\t\t\t\t\t\t<span class=\"elementor-toggle-icon-opened\"><i class=\"elementor-toggle-icon-opened fas fa-caret-up\"><\/i><\/span>\n\t\t\t\t\t\t\t\t\t\t\t\t\t<\/span>\n\t\t\t\t\t\t\t\t\t\t\t\t<a class=\"elementor-toggle-title\" tabindex=\"0\">Utilidade P\u00fablica<\/a>\n\t\t\t\t\t<\/div>\n\n\t\t\t\t\t<div id=\"elementor-tab-content-1881\" class=\"elementor-tab-content elementor-clearfix\" data-tab=\"1\" role=\"region\" aria-labelledby=\"elementor-tab-title-1881\"><p data-start=\"56\" data-end=\"107\"><strong data-start=\"56\" data-end=\"107\">LEI ORDIN\u00c1RIA N\u00ba 6840, DE 29 DE OUTUBRO DE 2024<\/strong><\/p><p data-start=\"109\" data-end=\"172\"><strong data-start=\"109\" data-end=\"172\">\u201cRECONHECE DE UTILIDADE P\u00daBLICA A ASSOCIA\u00c7\u00c3O GRUPO FUTURO.\u201d<\/strong><\/p><p data-start=\"174\" data-end=\"247\">A <strong data-start=\"176\" data-end=\"209\">C\u00c2MARA MUNICIPAL DE NIL\u00d3POLIS<\/strong>, aprova e eu sanciono a seguinte Lei:<\/p><p data-start=\"249\" data-end=\"484\"><strong data-start=\"249\" data-end=\"260\">Art. 1\u00ba<\/strong> \u2013 Fica reconhecida de utilidade p\u00fablica a <strong data-start=\"303\" data-end=\"330\">Associa\u00e7\u00e3o Grupo Futuro<\/strong>, localizada na <strong data-start=\"346\" data-end=\"405\">Rua Marques Can\u00e1rio, n\u00ba 901, Galp\u00e3o; Quadra 6; Lote 193<\/strong> \u2013 Bairro <strong data-start=\"415\" data-end=\"442\">Nossa Senhora de F\u00e1tima<\/strong> \u2013 <strong data-start=\"445\" data-end=\"462\">CEP 26520-770<\/strong> \u2013 <strong data-start=\"465\" data-end=\"483\">Nil\u00f3polis \u2013 RJ<\/strong>.<\/p><p data-start=\"486\" data-end=\"550\"><strong data-start=\"486\" data-end=\"497\">Art. 2\u00ba<\/strong> \u2013 Esta Lei entra em vigor na data de sua publica\u00e7\u00e3o.<\/p><p data-start=\"552\" data-end=\"605\"><strong data-start=\"552\" data-end=\"563\">Art. 3\u00ba<\/strong> \u2013 Revogam-se as disposi\u00e7\u00f5es em contr\u00e1rio.<\/p><p data-start=\"607\" data-end=\"668\"><strong data-start=\"607\" data-end=\"668\">Prefeitura Municipal de Nil\u00f3polis, 29 de outubro de 2024.<\/strong><\/p><p data-start=\"670\" data-end=\"706\"><strong data-start=\"670\" data-end=\"691\">ABRA\u00c3O DAVID NETO<\/strong><br data-start=\"691\" data-end=\"694\" \/><strong data-start=\"694\" data-end=\"706\">PREFEITO<\/strong><\/p><p data-start=\"670\" data-end=\"706\"><strong><a href=\"https:\/\/institutogrupofuturo.ong.br\/wp-content\/uploads\/2025\/02\/Utilidade-Publica-IGF.pdf\">Link para Download<\/a><\/strong><\/p><\/div>\n\t\t\t\t<\/div>\n\t\t\t\t\t\t\t<div class=\"elementor-toggle-item\">\n\t\t\t\t\t<div id=\"elementor-tab-title-1882\" class=\"elementor-tab-title\" data-tab=\"2\" role=\"button\" aria-controls=\"elementor-tab-content-1882\" aria-expanded=\"false\">\n\t\t\t\t\t\t\t\t\t\t\t\t<span class=\"elementor-toggle-icon elementor-toggle-icon-left\" aria-hidden=\"true\">\n\t\t\t\t\t\t\t\t\t\t\t\t\t\t\t<span class=\"elementor-toggle-icon-closed\"><i class=\"fas fa-download\"><\/i><\/span>\n\t\t\t\t\t\t\t\t<span class=\"elementor-toggle-icon-opened\"><i class=\"elementor-toggle-icon-opened fas fa-caret-up\"><\/i><\/span>\n\t\t\t\t\t\t\t\t\t\t\t\t\t<\/span>\n\t\t\t\t\t\t\t\t\t\t\t\t<a class=\"elementor-toggle-title\" tabindex=\"0\">Atestado de Funcionamento CMDCA<\/a>\n\t\t\t\t\t<\/div>\n\n\t\t\t\t\t<div id=\"elementor-tab-content-1882\" class=\"elementor-tab-content elementor-clearfix\" data-tab=\"2\" role=\"region\" aria-labelledby=\"elementor-tab-title-1882\"><p data-start=\"69\" data-end=\"164\"><strong data-start=\"69\" data-end=\"95\">Instituto Grupo Futuro<\/strong><br data-start=\"95\" data-end=\"98\" \/>Raz\u00e3o Social: Associa\u00e7\u00e3o Grupo Futuro<br data-start=\"135\" data-end=\"138\" \/>CNPJ: 47.624.581\/0001-04<\/p><p data-start=\"166\" data-end=\"246\"><strong data-start=\"166\" data-end=\"179\">Endere\u00e7o:<\/strong><br data-start=\"179\" data-end=\"182\" \/>Rua Marques Can\u00e1rio, n\u00ba 901, Nil\u00f3polis &#8211; Nossa Senhora de F\u00e1tima<\/p><p data-start=\"248\" data-end=\"310\"><strong data-start=\"248\" data-end=\"290\">T\u00edtulo de Utilidade P\u00fablica Municipal:<\/strong><br data-start=\"290\" data-end=\"293\" \/>Lei n\u00ba 5.884\/1999<\/p><p data-start=\"312\" data-end=\"429\">Declara-se que a institui\u00e7\u00e3o encontra-se inscrita no <strong data-start=\"365\" data-end=\"428\">Conselho Municipal dos Direitos da Crian\u00e7a e do Adolescente<\/strong>.<\/p><p data-start=\"431\" data-end=\"550\"><strong data-start=\"431\" data-end=\"456\">Validade do Atestado:<\/strong><br data-start=\"456\" data-end=\"459\" \/>O presente atestado \u00e9 v\u00e1lido pelo per\u00edodo de <strong data-start=\"504\" data-end=\"549\">29 de julho de 2024 a 29 de julho de 2025<\/strong>.<\/p><p data-start=\"552\" data-end=\"587\"><strong data-start=\"552\" data-end=\"587\">Nil\u00f3polis, 29 de julho de 2024.<\/strong><\/p><p><strong><a href=\"https:\/\/institutogrupofuturo.ong.br\/wp-content\/uploads\/2025\/02\/Atestado-de-Funcionamento-CMDCA.pdf\">Link para Download<\/a><\/strong><\/p><\/div>\n\t\t\t\t<\/div>\n\t\t\t\t\t\t\t<div class=\"elementor-toggle-item\">\n\t\t\t\t\t<div id=\"elementor-tab-title-1883\" class=\"elementor-tab-title\" data-tab=\"3\" role=\"button\" aria-controls=\"elementor-tab-content-1883\" aria-expanded=\"false\">\n\t\t\t\t\t\t\t\t\t\t\t\t<span class=\"elementor-toggle-icon elementor-toggle-icon-left\" aria-hidden=\"true\">\n\t\t\t\t\t\t\t\t\t\t\t\t\t\t\t<span class=\"elementor-toggle-icon-closed\"><i class=\"fas fa-download\"><\/i><\/span>\n\t\t\t\t\t\t\t\t<span class=\"elementor-toggle-icon-opened\"><i class=\"elementor-toggle-icon-opened fas fa-caret-up\"><\/i><\/span>\n\t\t\t\t\t\t\t\t\t\t\t\t\t<\/span>\n\t\t\t\t\t\t\t\t\t\t\t\t<a class=\"elementor-toggle-title\" tabindex=\"0\">Relat\u00f3rio CNAES<\/a>\n\t\t\t\t\t<\/div>\n\n\t\t\t\t\t<div id=\"elementor-tab-content-1883\" class=\"elementor-tab-content elementor-clearfix\" data-tab=\"3\" role=\"region\" aria-labelledby=\"elementor-tab-title-1883\"><p data-start=\"56\" data-end=\"281\"><strong data-start=\"56\" data-end=\"96\">MINIST\u00c9RIO DO DESENVOLVIMENTO SOCIAL<\/strong><br data-start=\"96\" data-end=\"99\" \/><strong data-start=\"99\" data-end=\"144\">SECRETARIA NACIONAL DE ASSIST\u00caNCIA SOCIAL<\/strong><br data-start=\"144\" data-end=\"147\" \/><strong data-start=\"147\" data-end=\"205\">DEPARTAMENTO DA REDE SOCIOASSISTENCIAL PRIVADA DO SUAS<\/strong><br data-start=\"205\" data-end=\"208\" \/><strong data-start=\"208\" data-end=\"281\">COORDENA\u00c7\u00c3O GERAL DE ACOMPANHAMENTO DA REDE SOCIOASSISTENCIAL DO SUAS<\/strong><\/p><p data-start=\"283\" data-end=\"411\"><strong data-start=\"283\" data-end=\"316\">Representante do \u00d3rg\u00e3o Gestor<\/strong><br data-start=\"316\" data-end=\"319\" \/><strong data-start=\"319\" data-end=\"369\">SECRETARIA MUNICIPAL DE DESENVOLVIMENTO SOCIAL<\/strong><br data-start=\"369\" data-end=\"372\" \/><strong data-start=\"372\" data-end=\"411\">EVERLINE DE LIMA PEREIRA DOS SANTOS<\/strong><\/p><hr data-start=\"413\" data-end=\"416\" \/><h3 data-start=\"418\" data-end=\"516\"><strong data-start=\"422\" data-end=\"516\">Se\u00e7\u00e3o I &#8211; Quest\u00f5es Gerais sobre Gest\u00e3o e Monitoramento das Entidades de Assist\u00eancia Social<\/strong><\/h3><p data-start=\"518\" data-end=\"539\"><strong data-start=\"518\" data-end=\"529\">Status:<\/strong> Conclu\u00eddo<\/p><p data-start=\"541\" data-end=\"616\"><strong data-start=\"541\" data-end=\"562\">CNPJ da Entidade:<\/strong> 47.624.581\/0001-04<br data-start=\"581\" data-end=\"584\" \/><strong data-start=\"584\" data-end=\"605\">Data de Abertura:<\/strong> 17\/08\/2022<\/p><p data-start=\"618\" data-end=\"666\"><strong data-start=\"618\" data-end=\"639\">Nome da Entidade:<\/strong><br data-start=\"639\" data-end=\"642\" \/>**INSTITUTO GRUPO FUTURO<\/p><p data-start=\"668\" data-end=\"719\"><strong data-start=\"668\" data-end=\"689\">Nome Empresarial:<\/strong><br data-start=\"689\" data-end=\"692\" \/><strong data-start=\"692\" data-end=\"719\">ASSOCIA\u00c7\u00c3O GRUPO FUTURO<\/strong><\/p><p data-start=\"721\" data-end=\"837\"><strong data-start=\"721\" data-end=\"742\">Data da Funda\u00e7\u00e3o:<\/strong> 17\/08\/2022<br data-start=\"753\" data-end=\"756\" \/><strong data-start=\"756\" data-end=\"774\">Nome Fantasia:<\/strong> INSTITUTO GRUPO FUTURO<br data-start=\"797\" data-end=\"800\" \/><strong data-start=\"800\" data-end=\"807\">UF:<\/strong> RJ<br data-start=\"810\" data-end=\"813\" \/><strong data-start=\"813\" data-end=\"827\">Munic\u00edpio:<\/strong> NIL\u00d3POLIS<\/p><p data-start=\"839\" data-end=\"967\"><strong data-start=\"839\" data-end=\"858\">CNPJ da Matriz:<\/strong> 47.624.581\/0001-04<br data-start=\"877\" data-end=\"880\" \/><strong data-start=\"880\" data-end=\"891\">E-mail:<\/strong> <a rel=\"noopener\" data-start=\"892\" data-end=\"914\">DIRETORIAIGF@GMAIL.COM<\/a><\/p><p data-start=\"969\" data-end=\"1047\"><strong data-start=\"969\" data-end=\"991\">Tipo de Inscri\u00e7\u00e3o:<\/strong><br data-start=\"991\" data-end=\"994\" \/>Entidades exclusivas ou preponderantes de assist\u00eancia<\/p><p data-start=\"1049\" data-end=\"1124\"><strong data-start=\"1049\" data-end=\"1080\">Data da \u00faltima atualiza\u00e7\u00e3o:<\/strong> 31\/07\/2024<br data-start=\"1091\" data-end=\"1094\" \/><strong data-start=\"1094\" data-end=\"1114\">Status do CNEAS:<\/strong> Conclu\u00eddo<\/p><p><strong><a href=\"https:\/\/institutogrupofuturo.ong.br\/wp-content\/uploads\/2025\/02\/Relatorio-CNAES.pdf\">Link para Download<\/a><\/strong><\/p><\/div>\n\t\t\t\t<\/div>\n\t\t\t\t\t\t\t<div class=\"elementor-toggle-item\">\n\t\t\t\t\t<div id=\"elementor-tab-title-1884\" class=\"elementor-tab-title\" data-tab=\"4\" role=\"button\" aria-controls=\"elementor-tab-content-1884\" aria-expanded=\"false\">\n\t\t\t\t\t\t\t\t\t\t\t\t<span class=\"elementor-toggle-icon elementor-toggle-icon-left\" aria-hidden=\"true\">\n\t\t\t\t\t\t\t\t\t\t\t\t\t\t\t<span class=\"elementor-toggle-icon-closed\"><i class=\"fas fa-download\"><\/i><\/span>\n\t\t\t\t\t\t\t\t<span class=\"elementor-toggle-icon-opened\"><i class=\"elementor-toggle-icon-opened fas fa-caret-up\"><\/i><\/span>\n\t\t\t\t\t\t\t\t\t\t\t\t\t<\/span>\n\t\t\t\t\t\t\t\t\t\t\t\t<a class=\"elementor-toggle-title\" tabindex=\"0\">Atestado de Funcionamento CMAS<\/a>\n\t\t\t\t\t<\/div>\n\n\t\t\t\t\t<div id=\"elementor-tab-content-1884\" class=\"elementor-tab-content elementor-clearfix\" data-tab=\"4\" role=\"region\" aria-labelledby=\"elementor-tab-title-1884\"><p data-start=\"82\" data-end=\"250\"><strong data-start=\"82\" data-end=\"110\">ESTADO DO RIO DE JANEIRO<\/strong><br data-start=\"110\" data-end=\"113\" \/><strong data-start=\"113\" data-end=\"150\">PREFEITURA MUNICIPAL DE NIL\u00d3POLIS<\/strong><br data-start=\"150\" data-end=\"153\" \/><strong data-start=\"153\" data-end=\"203\">SECRETARIA MUNICIPAL DE DESENVOLVIMENTO SOCIAL<\/strong><br data-start=\"203\" data-end=\"206\" \/><strong data-start=\"206\" data-end=\"250\">CONSELHO MUNICIPAL DE ASSIST\u00caNCIA SOCIAL<\/strong><\/p><hr data-start=\"252\" data-end=\"255\" \/><h3 data-start=\"257\" data-end=\"290\"><strong data-start=\"261\" data-end=\"290\">ATESTADO DE FUNCIONAMENTO<\/strong><\/h3><p data-start=\"292\" data-end=\"816\">O <strong data-start=\"294\" data-end=\"338\">Conselho Municipal de Assist\u00eancia Social<\/strong>, no uso de suas atribui\u00e7\u00f5es, atesta, para os devidos fins, que a <strong data-start=\"404\" data-end=\"431\">ASSOCIA\u00c7\u00c3O GRUPO FUTURO<\/strong>, com sede na <strong data-start=\"445\" data-end=\"521\">Rua Marques de Can\u00e1rio, n\u00ba 901 &#8211; Nossa Senhora de F\u00e1tima, Nil\u00f3polis &#8211; RJ<\/strong>, inscrita no <strong data-start=\"535\" data-end=\"565\">CNPJ n\u00ba 47.624.581\/0001-04<\/strong>, est\u00e1 em <strong data-start=\"575\" data-end=\"608\">pleno e regular funcionamento<\/strong>, exercendo suas atividades dentro do prop\u00f3sito para o qual foi institu\u00edda. E declara que a <strong data-start=\"700\" data-end=\"727\">ASSOCIA\u00c7\u00c3O GRUPO FUTURO<\/strong> se encontra devidamente inscrita no <strong data-start=\"764\" data-end=\"815\">Conselho Municipal de Assist\u00eancia Social &#8211; CMAS<\/strong>.<\/p><p data-start=\"818\" data-end=\"897\">Este atestado possui validade de <strong data-start=\"851\" data-end=\"896\">20 de junho de 2024 a 20 de junho de 2025<\/strong>.<\/p><p data-start=\"899\" data-end=\"934\"><strong data-start=\"899\" data-end=\"934\">Nil\u00f3polis, 20 de junho de 2024.<\/strong><\/p><hr data-start=\"936\" data-end=\"939\" \/><p data-start=\"941\" data-end=\"1039\"><strong data-start=\"941\" data-end=\"973\">Jos\u00e9 Guedes de Grandes Filho<\/strong><br data-start=\"973\" data-end=\"976\" \/><strong data-start=\"976\" data-end=\"1039\">Vice-Presidente do Conselho Municipal de Assist\u00eancia Social<\/strong><\/p><p><strong><a href=\"https:\/\/institutogrupofuturo.ong.br\/wp-content\/uploads\/2025\/02\/Relatorio-CNAES.pdf\">Link para Download<\/a><\/strong><\/p><\/div>\n\t\t\t\t<\/div>\n\t\t\t\t\t\t\t<div class=\"elementor-toggle-item\">\n\t\t\t\t\t<div id=\"elementor-tab-title-1885\" class=\"elementor-tab-title\" data-tab=\"5\" role=\"button\" aria-controls=\"elementor-tab-content-1885\" aria-expanded=\"false\">\n\t\t\t\t\t\t\t\t\t\t\t\t<span class=\"elementor-toggle-icon elementor-toggle-icon-left\" aria-hidden=\"true\">\n\t\t\t\t\t\t\t\t\t\t\t\t\t\t\t<span class=\"elementor-toggle-icon-closed\"><i class=\"fas fa-download\"><\/i><\/span>\n\t\t\t\t\t\t\t\t<span class=\"elementor-toggle-icon-opened\"><i class=\"elementor-toggle-icon-opened fas fa-caret-up\"><\/i><\/span>\n\t\t\t\t\t\t\t\t\t\t\t\t\t<\/span>\n\t\t\t\t\t\t\t\t\t\t\t\t<a class=\"elementor-toggle-title\" tabindex=\"0\">Selo ODS Bronze<\/a>\n\t\t\t\t\t<\/div>\n\n\t\t\t\t\t<div id=\"elementor-tab-content-1885\" class=\"elementor-tab-content elementor-clearfix\" data-tab=\"5\" role=\"region\" aria-labelledby=\"elementor-tab-title-1885\"><p data-start=\"0\" data-end=\"487\">O <strong data-start=\"2\" data-end=\"28\">Instituto Grupo Futuro<\/strong> acaba de conquistar o <strong data-start=\"51\" data-end=\"75\">Selo ODS Bronze 2024<\/strong>, um reconhecimento importante pelo seu compromisso com as <strong data-start=\"134\" data-end=\"163\">metas de sustentabilidade<\/strong> e o desenvolvimento de a\u00e7\u00f5es que promovem o <strong data-start=\"208\" data-end=\"228\">bem-estar social<\/strong> e <strong data-start=\"231\" data-end=\"244\">ambiental<\/strong>. Este selo \u00e9 uma valida\u00e7\u00e3o do trabalho cont\u00ednuo do instituto em prol dos <strong data-start=\"318\" data-end=\"362\">Objetivos de Desenvolvimento Sustent\u00e1vel<\/strong> da ONU, focando em \u00e1reas como <strong data-start=\"393\" data-end=\"405\">educa\u00e7\u00e3o<\/strong>, <strong data-start=\"407\" data-end=\"430\">igualdade de g\u00eanero<\/strong>, <strong data-start=\"432\" data-end=\"455\">mudan\u00e7as clim\u00e1ticas<\/strong> e <strong data-start=\"458\" data-end=\"485\">responsabilidade social<\/strong>.<\/p><p data-start=\"489\" data-end=\"815\">Com essa conquista, o Instituto reafirma seu papel como <strong data-start=\"545\" data-end=\"559\">refer\u00eancia<\/strong> em a\u00e7\u00f5es transformadoras e inovadoras, comprometendo-se a seguir avan\u00e7ando em sua miss\u00e3o de <strong data-start=\"652\" data-end=\"678\">impactar positivamente<\/strong> as comunidades e o meio ambiente. O reconhecimento fortalece o compromisso com um futuro mais <strong data-start=\"773\" data-end=\"795\">justo, sustent\u00e1vel<\/strong> e <strong data-start=\"798\" data-end=\"813\">igualit\u00e1rio<\/strong>.<\/p><p data-start=\"817\" data-end=\"925\" data-is-last-node=\"\">Parab\u00e9ns ao Instituto Grupo Futuro pelo <strong data-start=\"857\" data-end=\"867\">pr\u00eamio<\/strong> e pela dedica\u00e7\u00e3o em construir um mundo melhor para todos!<\/p><p data-start=\"817\" data-end=\"925\" data-is-last-node=\"\"><img fetchpriority=\"high\" decoding=\"async\" class=\"size-medium wp-image-768 aligncenter\" src=\"https:\/\/institutogrupofuturo.ong.br\/wp-content\/uploads\/2025\/02\/selo-ods-bronze-300x297.jpg\" alt=\"\" width=\"300\" height=\"297\" srcset=\"https:\/\/institutogrupofuturo.ong.br\/wp-content\/uploads\/2025\/02\/selo-ods-bronze-300x297.jpg 300w, https:\/\/institutogrupofuturo.ong.br\/wp-content\/uploads\/2025\/02\/selo-ods-bronze-150x150.jpg 150w, https:\/\/institutogrupofuturo.ong.br\/wp-content\/uploads\/2025\/02\/selo-ods-bronze.jpg 534w\" sizes=\"(max-width: 300px) 100vw, 300px\" \/><\/p><\/div>\n\t\t\t\t<\/div>\n\t\t\t\t\t\t\t\t<\/div>\n\t\t\t\t<\/div>\n\t\t\t\t<\/div>\n\t\t\t\t\t<\/div>\n\t\t<\/div>\n\t\t\t\t\t<\/div>\n\t\t<\/section>\n\t\t\t\t<\/div>\n\t\t","protected":false},"excerpt":{"rendered":"<p>Nossas Certifica\u00e7\u00f5es O Instituto Grupo Futuro se orgulha de suas certifica\u00e7\u00f5es que refletem o nosso compromisso com a qualidade, responsabilidade social e sustentabilidade. Essas certifica\u00e7\u00f5es s\u00e3o frutos de um trabalho constante em busca de melhoria cont\u00ednua e de impacto positivo nas comunidades e no meio ambiente. Entre as principais certifica\u00e7\u00f5es que conquistamos, destacam-se: Utilidade P\u00fablica [&hellip;]<\/p>\n","protected":false},"author":1,"featured_media":0,"parent":0,"menu_order":0,"comment_status":"closed","ping_status":"closed","template":"","meta":{"footnotes":""},"class_list":["post-736","page","type-page","status-publish","hentry"],"_links":{"self":[{"href":"https:\/\/institutogrupofuturo.ong.br\/index.php\/wp-json\/wp\/v2\/pages\/736","targetHints":{"allow":["GET"]}}],"collection":[{"href":"https:\/\/institutogrupofuturo.ong.br\/index.php\/wp-json\/wp\/v2\/pages"}],"about":[{"href":"https:\/\/institutogrupofuturo.ong.br\/index.php\/wp-json\/wp\/v2\/types\/page"}],"author":[{"embeddable":true,"href":"https:\/\/institutogrupofuturo.ong.br\/index.php\/wp-json\/wp\/v2\/users\/1"}],"replies":[{"embeddable":true,"href":"https:\/\/institutogrupofuturo.ong.br\/index.php\/wp-json\/wp\/v2\/comments?post=736"}],"version-history":[{"count":28,"href":"https:\/\/institutogrupofuturo.ong.br\/index.php\/wp-json\/wp\/v2\/pages\/736\/revisions"}],"predecessor-version":[{"id":778,"href":"https:\/\/institutogrupofuturo.ong.br\/index.php\/wp-json\/wp\/v2\/pages\/736\/revisions\/778"}],"wp:attachment":[{"href":"https:\/\/institutogrupofuturo.ong.br\/index.php\/wp-json\/wp\/v2\/media?parent=736"}],"curies":[{"name":"wp","href":"https:\/\/api.w.org\/{rel}","templated":true}]}}